{"version":"1.0","provider_name":"Correio Braziliense","provider_url":"https:\/\/www.correiobraziliense.com.br\/cbradar","author_name":"Gabriel Leme","author_url":"https:\/\/www.correiobraziliense.com.br\/cbradar\/author\/gabrielmyth\/","title":"Este nome masculino com s\u00f3 3 letras que est\u00e1 crescendo r\u00e1pido no Brasil inteiro por ser curto, moderno e f\u00e1cil de pronunciar - Correio Braziliense","type":"rich","width":600,"height":338,"html":"<blockquote class=\"wp-embedded-content\" data-secret=\"8qqDp0wnrZ\"><a href=\"https:\/\/www.correiobraziliense.com.br\/cbradar\/nome-masculino-3-letras-teo-tendencia\/\">Este nome masculino com s\u00f3 3 letras que est\u00e1 crescendo r\u00e1pido no Brasil inteiro por ser curto, moderno e f\u00e1cil de pronunciar<\/a><\/blockquote><iframe sandbox=\"allow-scripts\" security=\"restricted\" src=\"https:\/\/www.correiobraziliense.com.br\/cbradar\/nome-masculino-3-letras-teo-tendencia\/embed\/#?secret=8qqDp0wnrZ\" width=\"600\" height=\"338\" title=\"&#8220;Este nome masculino com s\u00f3 3 letras que est\u00e1 crescendo r\u00e1pido no Brasil inteiro por ser curto, moderno e f\u00e1cil de pronunciar&#8221; &#8212; Correio Braziliense\" data-secret=\"8qqDp0wnrZ\" frameborder=\"0\" marginwidth=\"0\" marginheight=\"0\" scrolling=\"no\" class=\"wp-embedded-content\"><\/iframe><script>\n\/*! This file is auto-generated *\/\n!function(d,l){\"use strict\";l.querySelector&&d.addEventListener&&\"undefined\"!=typeof URL&&(d.wp=d.wp||{},d.wp.receiveEmbedMessage||(d.wp.receiveEmbedMessage=function(e){var t=e.data;if((t||t.secret||t.message||t.value)&&!\/[^a-zA-Z0-9]\/.test(t.secret)){for(var s,r,n,a=l.querySelectorAll('iframe[data-secret=\"'+t.secret+'\"]'),o=l.querySelectorAll('blockquote[data-secret=\"'+t.secret+'\"]'),c=new RegExp(\"^https?:$\",\"i\"),i=0;i<o.length;i++)o[i].style.display=\"none\";for(i=0;i<a.length;i++)s=a[i],e.source===s.contentWindow&&(s.removeAttribute(\"style\"),\"height\"===t.message?(1e3<(r=parseInt(t.value,10))?r=1e3:~~r<200&&(r=200),s.height=r):\"link\"===t.message&&(r=new URL(s.getAttribute(\"src\")),n=new URL(t.value),c.test(n.protocol))&&n.host===r.host&&l.activeElement===s&&(d.top.location.href=t.value))}},d.addEventListener(\"message\",d.wp.receiveEmbedMessage,!1),l.addEventListener(\"DOMContentLoaded\",function(){for(var e,t,s=l.querySelectorAll(\"iframe.wp-embedded-content\"),r=0;r<s.length;r++)(t=(e=s[r]).getAttribute(\"data-secret\"))||(t=Math.random().toString(36).substring(2,12),e.src+=\"#?secret=\"+t,e.setAttribute(\"data-secret\",t)),e.contentWindow.postMessage({message:\"ready\",secret:t},\"*\")},!1)))}(window,document);\n\/\/# sourceURL=https:\/\/www.correiobraziliense.com.br\/cbradar\/wp-includes\/js\/wp-embed.min.js\n<\/script>\n","thumbnail_url":"https:\/\/www.correiobraziliense.com.br\/cbradar\/wp-content\/uploads\/2026\/09\/este-nome-masculino-com-so-3-letras-que-esta-crescendo-rapid.jpg","thumbnail_width":1279,"thumbnail_height":720,"description":"T\u00e9o cresce entre os nomes de beb\u00ea por um motivo que vai al\u00e9m da moda. Um detalhe na sonoridade e no registro ajuda a explicar esse avan\u00e7o no pa\u00eds."}